{"version":"1.0","provider_name":"Fondazione Valter Longo","provider_url":"https:\/\/www.fondazionevalterlongo.org\/en\/","title":"La Nutrici\u00f3n Inicia De Ni\u00f1os - Fondazione Valter Longo","type":"rich","width":600,"height":338,"html":"<blockquote class=\"wp-embedded-content\" data-secret=\"RS8V1k4itH\"><a href=\"https:\/\/www.fondazionevalterlongo.org\/en\/la-nutricion-inicia-de-ninos\/\">La Nutrici\u00f3n Inicia De Ni\u00f1os<\/a><\/blockquote><iframe sandbox=\"allow-scripts\" security=\"restricted\" src=\"https:\/\/www.fondazionevalterlongo.org\/en\/la-nutricion-inicia-de-ninos\/embed\/#?secret=RS8V1k4itH\" width=\"600\" height=\"338\" title=\"&#8220;La Nutrici\u00f3n Inicia De Ni\u00f1os&#8221; &#8212; Fondazione Valter Longo\" data-secret=\"RS8V1k4itH\" frameborder=\"0\" marginwidth=\"0\" marginheight=\"0\" scrolling=\"no\" class=\"wp-embedded-content\"><\/iframe><script>\n\/*! This file is auto-generated *\/\n!function(d,l){\"use strict\";l.querySelector&&d.addEventListener&&\"undefined\"!=typeof URL&&(d.wp=d.wp||{},d.wp.receiveEmbedMessage||(d.wp.receiveEmbedMessage=function(e){var t=e.data;if((t||t.secret||t.message||t.value)&&!\/[^a-zA-Z0-9]\/.test(t.secret)){for(var s,r,n,a=l.querySelectorAll('iframe[data-secret=\"'+t.secret+'\"]'),o=l.querySelectorAll('blockquote[data-secret=\"'+t.secret+'\"]'),c=new RegExp(\"^https?:$\",\"i\"),i=0;i<o.length;i++)o[i].style.display=\"none\";for(i=0;i<a.length;i++)s=a[i],e.source===s.contentWindow&&(s.removeAttribute(\"style\"),\"height\"===t.message?(1e3<(r=parseInt(t.value,10))?r=1e3:~~r<200&&(r=200),s.height=r):\"link\"===t.message&&(r=new URL(s.getAttribute(\"src\")),n=new URL(t.value),c.test(n.protocol))&&n.host===r.host&&l.activeElement===s&&(d.top.location.href=t.value))}},d.addEventListener(\"message\",d.wp.receiveEmbedMessage,!1),l.addEventListener(\"DOMContentLoaded\",function(){for(var e,t,s=l.querySelectorAll(\"iframe.wp-embedded-content\"),r=0;r<s.length;r++)(t=(e=s[r]).getAttribute(\"data-secret\"))||(t=Math.random().toString(36).substring(2,12),e.src+=\"#?secret=\"+t,e.setAttribute(\"data-secret\",t)),e.contentWindow.postMessage({message:\"ready\",secret:t},\"*\")},!1)))}(window,document);\n\/\/# sourceURL=https:\/\/www.fondazionevalterlongo.org\/wp-includes\/js\/wp-embed.min.js\n<\/script>\n","description":"La Nutrici\u00f3n Inicia De Ni\u00f1os Libro para colorear acompa\u00f1ado de un Manual para familias y docentes &nbsp; Disponible el 4 marzo &nbsp; Estamos emocionados de anunciar el lanzamiento de nuestro libro para colorear \u201cLa nutrici\u00f3n inicia de ni\u00f1os\u201d realizado en colaboraci\u00f3n con la artista Manuela Lupis. Esta iniciativa especial por el D\u00eda Mundial de la &hellip; Continue reading \"\"","thumbnail_url":"https:\/\/www.fondazionevalterlongo.org\/wp-content\/uploads\/2024\/03\/Progetto-senza-titolo-10-1.jpg"}