{"id":14938,"date":"2024-03-01T10:37:37","date_gmt":"2024-03-01T09:37:37","guid":{"rendered":"https:\/\/www.fondazionevalterlongo.org\/?page_id=14938"},"modified":"2024-03-01T10:37:37","modified_gmt":"2024-03-01T09:37:37","slug":"libro-la-nutrizione-inizia-da-bambini-manuale-per-docenti-e-famiglie","status":"publish","type":"page","link":"https:\/\/www.fondazionevalterlongo.org\/en\/libro-la-nutrizione-inizia-da-bambini-manuale-per-docenti-e-famiglie\/","title":{"rendered":"Libro \u201cLa nutrizione inizia da bambini\u201d + Manuale per docenti e famiglie"},"content":{"rendered":"<h1><strong>Libro \u201cLa nutrizione inizia da bambini\u201d + Manuale per docenti e famiglie<\/strong><\/h1>\n<h2><strong>Libro da colorare accompagnato da un Manuale per famiglie e docenti<\/strong><\/h2>\n<p><img loading=\"lazy\" decoding=\"async\" class=\"size-full wp-image-14923 aligncenter\" src=\"https:\/\/www.fondazionevalterlongo.org\/wp-content\/uploads\/2024\/03\/Progetto-senza-titolo-9.jpg\" alt=\"\" width=\"1920\" height=\"1080\" \/><\/p>\n<p>&nbsp;<\/p>\n<h2 style=\"text-align: center;\"><strong>In uscita il 4 marzo 2024<\/strong><\/h2>\n<p>&nbsp;<\/p>\n<h2><strong>Giornata Mondiale dell\u2019Obesit\u00e0<\/strong><\/h2>\n<p><strong>\u00a0<\/strong>Siamo entusiasti di annunciare l&#8217;uscita del nostro libro da colorare &#8220;La nutrizione inizia da bambini&#8221; realizzato in collaborazione con <strong>l\u2019artista Manuela Lupis<\/strong>.<\/p>\n<p>\u00c8 un libro in <strong>ITALIANO e INGLESE<\/strong> accompagnato da un \u201cManuale per docenti e famiglie\u201d.<\/p>\n<p>Questa iniziativa speciale per la Giornata Mondiale dell&#8217;Obesit\u00e0, un giorno dedicato alla consapevolezza e all&#8217;azione per una vita pi\u00f9 sana, \u00e8 pensato per<\/p>\n<ul>\n<li><strong>La s<\/strong><strong>cuola primaria e oltr<\/strong><strong>e: <\/strong>Progettato per bambini della scuola primaria, \u00e8 anche adatto a tutte le et\u00e0.<\/li>\n<li><strong>Studenti e studentesse di italiano e inglese come lingua seconda<\/strong>. Perfetto anche per chi vuole imparare italiano o inglese.<\/li>\n<\/ul>\n<p>&nbsp;<\/p>\n<h2>Contenuti esclusivi<\/h2>\n<ul>\n<li><strong>Libro da colorare educativo<\/strong><strong>. <\/strong>Un&#8217;esperienza divertente ed educativa per i pi\u00f9 piccoli, con illustrazioni coinvolgenti. Esplorate il mondo della nutrizione, del movimento e di valori essenziali per una comunit\u00e0 sana e sostenibile.<\/li>\n<\/ul>\n<p>&nbsp;<\/p>\n<p><a href=\"https:\/\/www.fondazionevalterlongo.org\/wp-content\/uploads\/2024\/03\/Preview-Album.pdf\">Guarda l\u2019anteprima<\/a><\/p>\n<ul>\n<li><strong>Manuale per docenti e famiglie<\/strong><strong>.<\/strong> Accompagnamento per adulti, famiglie e insegnanti con approfondimenti scientifici, attivit\u00e0 divertenti da realizzare a casa o in classe, ricette e informazioni utili.<\/li>\n<\/ul>\n<p>&nbsp;<\/p>\n<p><a href=\"https:\/\/www.fondazionevalterlongo.org\/wp-content\/uploads\/2024\/03\/Manuale-Preview.pdf\">Guarda l\u2019anteprima<strong>\u00a0<\/strong><\/a><\/p>\n<p>&nbsp;<\/p>\n<h2><strong>Argomenti trattati<\/strong><\/h2>\n<p>Il libro offre principi relativi a:<\/p>\n<ul>\n<li><strong>Stile di vita sano<\/strong><\/li>\n<li><strong>Nutrizione bilanciata<\/strong><\/li>\n<li><strong>Esercizio fisico <\/strong><\/li>\n<li><strong>Valori essenziali per una vita longeva e sana<\/strong><\/li>\n<\/ul>\n<p>&nbsp;<\/p>\n<h2><strong>Perch\u00e9 questo libro \u00e8 importante<\/strong><\/h2>\n<p>Una sana nutrizione, l&#8217;esercizio fisico, valori legati al senso della comunit\u00e0 e un atteggiamento proattivo nei confronti della vita sono i pilastri di una vita sana e felice.<\/p>\n<p>Attraverso questo libro, vogliamo ispirare una generazione e con loro scuole e famiglie a compiere scelte consapevoli per il loro benessere presente e futuro.<\/p>\n<p>&nbsp;<\/p>\n<h2><strong>Dove <\/strong><strong>a<\/strong><strong>cquistare<\/strong><\/h2>\n<p>Scopri il libro e il manuale e sostieni la nostra missione educativa per offrire a tutti l\u2019opportunit\u00e0 di una vita lunga e sana.<\/p>\n<h5><strong>Clicca <a href=\"http:\/\/amazon.it\">qui <\/a><\/strong><strong>per acquistare i libri!<\/strong><strong>\u00a0<\/strong><\/h5>\n<p>&nbsp;<\/p>\n<h2><strong>C<\/strong><strong>ome sostenere la nostra mission<\/strong><strong>e: <\/strong><\/h2>\n<p><strong>Offri a tutti l\u2019opportunit\u00e0 di vivere sani e a lungo<\/strong><\/p>\n<p>Ogni acquisto sostiene la nostra missione di promuovere una longevit\u00e0 in salute.<\/p>\n<p>I proventi dell\u2019acquisto dei libri verranno devoluti alla ricerca e a progetti gratuiti per scuole e famiglie, oltre che ad assistenza nutrizionale gratuita per coloro che si trovano in una condizione di salute ed economica critica.<\/p>\n<p>Grazie di cuore per il vostro continuo sostegno. Insieme, possiamo fare la differenza per una comunit\u00e0 pi\u00f9 sana e consapevole!<\/p>\n<p><em>Con gratitudine Il Team della Fondazione Valter Longo Onlus<\/em><\/p>\n","protected":false},"excerpt":{"rendered":"<p>Libro \u201cLa nutrizione inizia da bambini\u201d + Manuale per docenti e famiglie Libro da colorare accompagnato da un Manuale per famiglie e docenti &nbsp; In uscita il 4 marzo 2024 &nbsp; Giornata Mondiale dell\u2019Obesit\u00e0 \u00a0Siamo entusiasti di annunciare l&#8217;uscita del nostro libro da colorare &#8220;La nutrizione inizia da bambini&#8221; realizzato in collaborazione con l\u2019artista Manuela &hellip; <\/p>\n<p class=\"link-more\"><a href=\"https:\/\/www.fondazionevalterlongo.org\/en\/libro-la-nutrizione-inizia-da-bambini-manuale-per-docenti-e-famiglie\/\" class=\"more-link\">Continue reading<span class=\"screen-reader-text\"> &#8220;Libro \u201cLa nutrizione inizia da bambini\u201d + Manuale per docenti e famiglie&#8221;<\/span><\/a><\/p>\n","protected":false},"author":30,"featured_media":0,"parent":0,"menu_order":0,"comment_status":"closed","ping_status":"closed","template":"manuale-della-longevit\u00e0.php","meta":{"_acf_changed":false,"om_disable_all_campaigns":false,"inline_featured_image":false,"footnotes":""},"class_list":["post-14938","page","type-page","status-publish","hentry"],"acf":[],"yoast_head":"<!-- This site is optimized with the Yoast SEO plugin v27.5 - https:\/\/yoast.com\/product\/yoast-seo-wordpress\/ -->\n<title>Libro \u201cLa nutrizione inizia da bambini\u201d + Manuale per docenti e famiglie - Fondazione Valter Longo<\/title>\n<meta name=\"robots\" content=\"index, follow, max-snippet:-1, max-image-preview:large, max-video-preview:-1\" \/>\n<link rel=\"canonical\" href=\"https:\/\/www.fondazionevalterlongo.org\/en\/libro-la-nutrizione-inizia-da-bambini-manuale-per-docenti-e-famiglie\/\" \/>\n<meta property=\"og:locale\" content=\"en_US\" \/>\n<meta property=\"og:type\" content=\"article\" \/>\n<meta property=\"og:title\" content=\"Libro \u201cLa nutrizione inizia da bambini\u201d + Manuale per docenti e famiglie - Fondazione Valter Longo\" \/>\n<meta property=\"og:description\" content=\"Libro \u201cLa nutrizione inizia da bambini\u201d + Manuale per docenti e famiglie Libro da colorare accompagnato da un Manuale per famiglie e docenti &nbsp; In uscita il 4 marzo 2024 &nbsp; Giornata Mondiale dell\u2019Obesit\u00e0 \u00a0Siamo entusiasti di annunciare l&#8217;uscita del nostro libro da colorare &#8220;La nutrizione inizia da bambini&#8221; realizzato in collaborazione con l\u2019artista Manuela &hellip; Continue reading &quot;Libro \u201cLa nutrizione inizia da bambini\u201d + Manuale per docenti e famiglie&quot;\" \/>\n<meta property=\"og:url\" content=\"https:\/\/www.fondazionevalterlongo.org\/en\/libro-la-nutrizione-inizia-da-bambini-manuale-per-docenti-e-famiglie\/\" \/>\n<meta property=\"og:site_name\" content=\"Fondazione Valter Longo\" \/>\n<meta property=\"article:publisher\" content=\"https:\/\/www.facebook.com\/fondazionevalterlongo\/\" \/>\n<meta property=\"og:image\" content=\"https:\/\/www.fondazionevalterlongo.org\/wp-content\/uploads\/2024\/03\/Progetto-senza-titolo-9.jpg\" \/>\n<meta name=\"twitter:card\" content=\"summary_large_image\" \/>\n<script type=\"application\/ld+json\" class=\"yoast-schema-graph\">{\"@context\":\"https:\\\/\\\/schema.org\",\"@graph\":[{\"@type\":\"WebPage\",\"@id\":\"https:\\\/\\\/www.fondazionevalterlongo.org\\\/en\\\/libro-la-nutrizione-inizia-da-bambini-manuale-per-docenti-e-famiglie\\\/\",\"url\":\"https:\\\/\\\/www.fondazionevalterlongo.org\\\/en\\\/libro-la-nutrizione-inizia-da-bambini-manuale-per-docenti-e-famiglie\\\/\",\"name\":\"Libro \u201cLa nutrizione inizia da bambini\u201d + Manuale per docenti e famiglie - Fondazione Valter Longo\",\"isPartOf\":{\"@id\":\"https:\\\/\\\/www.fondazionevalterlongo.org\\\/#website\"},\"primaryImageOfPage\":{\"@id\":\"https:\\\/\\\/www.fondazionevalterlongo.org\\\/en\\\/libro-la-nutrizione-inizia-da-bambini-manuale-per-docenti-e-famiglie\\\/#primaryimage\"},\"image\":{\"@id\":\"https:\\\/\\\/www.fondazionevalterlongo.org\\\/en\\\/libro-la-nutrizione-inizia-da-bambini-manuale-per-docenti-e-famiglie\\\/#primaryimage\"},\"thumbnailUrl\":\"https:\\\/\\\/www.fondazionevalterlongo.org\\\/wp-content\\\/uploads\\\/2024\\\/03\\\/Progetto-senza-titolo-9.jpg\",\"datePublished\":\"2024-03-01T09:37:37+00:00\",\"breadcrumb\":{\"@id\":\"https:\\\/\\\/www.fondazionevalterlongo.org\\\/en\\\/libro-la-nutrizione-inizia-da-bambini-manuale-per-docenti-e-famiglie\\\/#breadcrumb\"},\"inLanguage\":\"en-US\",\"potentialAction\":[{\"@type\":\"ReadAction\",\"target\":[\"https:\\\/\\\/www.fondazionevalterlongo.org\\\/en\\\/libro-la-nutrizione-inizia-da-bambini-manuale-per-docenti-e-famiglie\\\/\"]}]},{\"@type\":\"ImageObject\",\"inLanguage\":\"en-US\",\"@id\":\"https:\\\/\\\/www.fondazionevalterlongo.org\\\/en\\\/libro-la-nutrizione-inizia-da-bambini-manuale-per-docenti-e-famiglie\\\/#primaryimage\",\"url\":\"https:\\\/\\\/www.fondazionevalterlongo.org\\\/wp-content\\\/uploads\\\/2024\\\/03\\\/Progetto-senza-titolo-9.jpg\",\"contentUrl\":\"https:\\\/\\\/www.fondazionevalterlongo.org\\\/wp-content\\\/uploads\\\/2024\\\/03\\\/Progetto-senza-titolo-9.jpg\"},{\"@type\":\"BreadcrumbList\",\"@id\":\"https:\\\/\\\/www.fondazionevalterlongo.org\\\/en\\\/libro-la-nutrizione-inizia-da-bambini-manuale-per-docenti-e-famiglie\\\/#breadcrumb\",\"itemListElement\":[{\"@type\":\"ListItem\",\"position\":1,\"name\":\"Home\",\"item\":\"https:\\\/\\\/www.fondazionevalterlongo.org\\\/en\\\/\"},{\"@type\":\"ListItem\",\"position\":2,\"name\":\"Libro \u201cLa nutrizione inizia da bambini\u201d + Manuale per docenti e famiglie\"}]},{\"@type\":\"WebSite\",\"@id\":\"https:\\\/\\\/www.fondazionevalterlongo.org\\\/#website\",\"url\":\"https:\\\/\\\/www.fondazionevalterlongo.org\\\/\",\"name\":\"Fondazione Valter Longo\",\"description\":\"L\u2019opportunit\u00e0 per tutti di una vita lunga e sana\",\"publisher\":{\"@id\":\"https:\\\/\\\/www.fondazionevalterlongo.org\\\/#organization\"},\"potentialAction\":[{\"@type\":\"SearchAction\",\"target\":{\"@type\":\"EntryPoint\",\"urlTemplate\":\"https:\\\/\\\/www.fondazionevalterlongo.org\\\/?s={search_term_string}\"},\"query-input\":{\"@type\":\"PropertyValueSpecification\",\"valueRequired\":true,\"valueName\":\"search_term_string\"}}],\"inLanguage\":\"en-US\"},{\"@type\":\"Organization\",\"@id\":\"https:\\\/\\\/www.fondazionevalterlongo.org\\\/#organization\",\"name\":\"Fondazione Valter Longo Onlus\",\"url\":\"https:\\\/\\\/www.fondazionevalterlongo.org\\\/\",\"logo\":{\"@type\":\"ImageObject\",\"inLanguage\":\"en-US\",\"@id\":\"https:\\\/\\\/www.fondazionevalterlongo.org\\\/#\\\/schema\\\/logo\\\/image\\\/\",\"url\":\"https:\\\/\\\/www.fondazionevalterlongo.org\\\/wp-content\\\/uploads\\\/2020\\\/04\\\/fvl_logo.png\",\"contentUrl\":\"https:\\\/\\\/www.fondazionevalterlongo.org\\\/wp-content\\\/uploads\\\/2020\\\/04\\\/fvl_logo.png\",\"width\":150,\"height\":201,\"caption\":\"Fondazione Valter Longo Onlus\"},\"image\":{\"@id\":\"https:\\\/\\\/www.fondazionevalterlongo.org\\\/#\\\/schema\\\/logo\\\/image\\\/\"},\"sameAs\":[\"https:\\\/\\\/www.facebook.com\\\/fondazionevalterlongo\\\/\",\"https:\\\/\\\/www.instagram.com\\\/fondazionevalterlongo\\\/\",\"https:\\\/\\\/www.linkedin.com\\\/company\\\/create-cures-foundation-fondazione-valter-longo\",\"https:\\\/\\\/www.youtube.com\\\/channel\\\/UCIuHoRDTpeFvdP3ulPOKlLg\"]}]}<\/script>\n<!-- \/ Yoast SEO plugin. -->","yoast_head_json":{"title":"Libro \u201cLa nutrizione inizia da bambini\u201d + Manuale per docenti e famiglie - Fondazione Valter Longo","robots":{"index":"index","follow":"follow","max-snippet":"max-snippet:-1","max-image-preview":"max-image-preview:large","max-video-preview":"max-video-preview:-1"},"canonical":"https:\/\/www.fondazionevalterlongo.org\/en\/libro-la-nutrizione-inizia-da-bambini-manuale-per-docenti-e-famiglie\/","og_locale":"en_US","og_type":"article","og_title":"Libro \u201cLa nutrizione inizia da bambini\u201d + Manuale per docenti e famiglie - Fondazione Valter Longo","og_description":"Libro \u201cLa nutrizione inizia da bambini\u201d + Manuale per docenti e famiglie Libro da colorare accompagnato da un Manuale per famiglie e docenti &nbsp; In uscita il 4 marzo 2024 &nbsp; Giornata Mondiale dell\u2019Obesit\u00e0 \u00a0Siamo entusiasti di annunciare l&#8217;uscita del nostro libro da colorare &#8220;La nutrizione inizia da bambini&#8221; realizzato in collaborazione con l\u2019artista Manuela &hellip; Continue reading \"Libro \u201cLa nutrizione inizia da bambini\u201d + Manuale per docenti e famiglie\"","og_url":"https:\/\/www.fondazionevalterlongo.org\/en\/libro-la-nutrizione-inizia-da-bambini-manuale-per-docenti-e-famiglie\/","og_site_name":"Fondazione Valter Longo","article_publisher":"https:\/\/www.facebook.com\/fondazionevalterlongo\/","og_image":[{"url":"https:\/\/www.fondazionevalterlongo.org\/wp-content\/uploads\/2024\/03\/Progetto-senza-titolo-9.jpg","type":"","width":"","height":""}],"twitter_card":"summary_large_image","schema":{"@context":"https:\/\/schema.org","@graph":[{"@type":"WebPage","@id":"https:\/\/www.fondazionevalterlongo.org\/en\/libro-la-nutrizione-inizia-da-bambini-manuale-per-docenti-e-famiglie\/","url":"https:\/\/www.fondazionevalterlongo.org\/en\/libro-la-nutrizione-inizia-da-bambini-manuale-per-docenti-e-famiglie\/","name":"Libro \u201cLa nutrizione inizia da bambini\u201d + Manuale per docenti e famiglie - Fondazione Valter Longo","isPartOf":{"@id":"https:\/\/www.fondazionevalterlongo.org\/#website"},"primaryImageOfPage":{"@id":"https:\/\/www.fondazionevalterlongo.org\/en\/libro-la-nutrizione-inizia-da-bambini-manuale-per-docenti-e-famiglie\/#primaryimage"},"image":{"@id":"https:\/\/www.fondazionevalterlongo.org\/en\/libro-la-nutrizione-inizia-da-bambini-manuale-per-docenti-e-famiglie\/#primaryimage"},"thumbnailUrl":"https:\/\/www.fondazionevalterlongo.org\/wp-content\/uploads\/2024\/03\/Progetto-senza-titolo-9.jpg","datePublished":"2024-03-01T09:37:37+00:00","breadcrumb":{"@id":"https:\/\/www.fondazionevalterlongo.org\/en\/libro-la-nutrizione-inizia-da-bambini-manuale-per-docenti-e-famiglie\/#breadcrumb"},"inLanguage":"en-US","potentialAction":[{"@type":"ReadAction","target":["https:\/\/www.fondazionevalterlongo.org\/en\/libro-la-nutrizione-inizia-da-bambini-manuale-per-docenti-e-famiglie\/"]}]},{"@type":"ImageObject","inLanguage":"en-US","@id":"https:\/\/www.fondazionevalterlongo.org\/en\/libro-la-nutrizione-inizia-da-bambini-manuale-per-docenti-e-famiglie\/#primaryimage","url":"https:\/\/www.fondazionevalterlongo.org\/wp-content\/uploads\/2024\/03\/Progetto-senza-titolo-9.jpg","contentUrl":"https:\/\/www.fondazionevalterlongo.org\/wp-content\/uploads\/2024\/03\/Progetto-senza-titolo-9.jpg"},{"@type":"BreadcrumbList","@id":"https:\/\/www.fondazionevalterlongo.org\/en\/libro-la-nutrizione-inizia-da-bambini-manuale-per-docenti-e-famiglie\/#breadcrumb","itemListElement":[{"@type":"ListItem","position":1,"name":"Home","item":"https:\/\/www.fondazionevalterlongo.org\/en\/"},{"@type":"ListItem","position":2,"name":"Libro \u201cLa nutrizione inizia da bambini\u201d + Manuale per docenti e famiglie"}]},{"@type":"WebSite","@id":"https:\/\/www.fondazionevalterlongo.org\/#website","url":"https:\/\/www.fondazionevalterlongo.org\/","name":"Fondazione Valter Longo","description":"L\u2019opportunit\u00e0 per tutti di una vita lunga e sana","publisher":{"@id":"https:\/\/www.fondazionevalterlongo.org\/#organization"},"potentialAction":[{"@type":"SearchAction","target":{"@type":"EntryPoint","urlTemplate":"https:\/\/www.fondazionevalterlongo.org\/?s={search_term_string}"},"query-input":{"@type":"PropertyValueSpecification","valueRequired":true,"valueName":"search_term_string"}}],"inLanguage":"en-US"},{"@type":"Organization","@id":"https:\/\/www.fondazionevalterlongo.org\/#organization","name":"Fondazione Valter Longo Onlus","url":"https:\/\/www.fondazionevalterlongo.org\/","logo":{"@type":"ImageObject","inLanguage":"en-US","@id":"https:\/\/www.fondazionevalterlongo.org\/#\/schema\/logo\/image\/","url":"https:\/\/www.fondazionevalterlongo.org\/wp-content\/uploads\/2020\/04\/fvl_logo.png","contentUrl":"https:\/\/www.fondazionevalterlongo.org\/wp-content\/uploads\/2020\/04\/fvl_logo.png","width":150,"height":201,"caption":"Fondazione Valter Longo Onlus"},"image":{"@id":"https:\/\/www.fondazionevalterlongo.org\/#\/schema\/logo\/image\/"},"sameAs":["https:\/\/www.facebook.com\/fondazionevalterlongo\/","https:\/\/www.instagram.com\/fondazionevalterlongo\/","https:\/\/www.linkedin.com\/company\/create-cures-foundation-fondazione-valter-longo","https:\/\/www.youtube.com\/channel\/UCIuHoRDTpeFvdP3ulPOKlLg"]}]}},"_links":{"self":[{"href":"https:\/\/www.fondazionevalterlongo.org\/en\/wp-json\/wp\/v2\/pages\/14938","targetHints":{"allow":["GET"]}}],"collection":[{"href":"https:\/\/www.fondazionevalterlongo.org\/en\/wp-json\/wp\/v2\/pages"}],"about":[{"href":"https:\/\/www.fondazionevalterlongo.org\/en\/wp-json\/wp\/v2\/types\/page"}],"author":[{"embeddable":true,"href":"https:\/\/www.fondazionevalterlongo.org\/en\/wp-json\/wp\/v2\/users\/30"}],"replies":[{"embeddable":true,"href":"https:\/\/www.fondazionevalterlongo.org\/en\/wp-json\/wp\/v2\/comments?post=14938"}],"version-history":[{"count":0,"href":"https:\/\/www.fondazionevalterlongo.org\/en\/wp-json\/wp\/v2\/pages\/14938\/revisions"}],"wp:attachment":[{"href":"https:\/\/www.fondazionevalterlongo.org\/en\/wp-json\/wp\/v2\/media?parent=14938"}],"curies":[{"name":"wp","href":"https:\/\/api.w.org\/{rel}","templated":true}]}}